{"id":16916,"date":"2025-05-22T11:23:57","date_gmt":"2025-05-22T11:23:57","guid":{"rendered":"https:\/\/easydevelop.eu\/jobs\/"},"modified":"2026-01-20T12:10:11","modified_gmt":"2026-01-20T12:10:11","slug":"jobs","status":"publish","type":"page","link":"https:\/\/egliag.com\/de\/jobs\/","title":{"rendered":"Jobs"},"content":{"rendered":"\t\t<div data-elementor-type=\"wp-page\" data-elementor-id=\"16916\" class=\"elementor elementor-16916 elementor-16726\">\n\t\t\t\t\t\t<section class=\"elementor-section elementor-top-section elementor-element elementor-element-0c00afd elementor-section-boxed elementor-section-height-default elementor-section-height-default\" data-id=\"0c00afd\" data-element_type=\"section\">\n\t\t\t\t\t\t<div class=\"elementor-container elementor-column-gap-default\">\n\t\t\t\t\t<div class=\"elementor-column elementor-col-100 elementor-top-column elementor-element elementor-element-51f1c7b\" data-id=\"51f1c7b\" data-element_type=\"column\">\n\t\t\t<div class=\"elementor-widget-wrap elementor-element-populated\">\n\t\t\t\t\t\t<section class=\"elementor-section elementor-inner-section elementor-element elementor-element-d4751ac elementor-section-boxed elementor-section-height-default elementor-section-height-default\" data-id=\"d4751ac\" data-element_type=\"section\">\n\t\t\t\t\t\t<div class=\"elementor-container elementor-column-gap-default\">\n\t\t\t\t\t<div class=\"elementor-column elementor-col-50 elementor-inner-column elementor-element elementor-element-663a1ca\" data-id=\"663a1ca\" data-element_type=\"column\">\n\t\t\t<div class=\"elementor-widget-wrap elementor-element-populated\">\n\t\t\t\t\t\t<div class=\"elementor-element elementor-element-589bfa0 elementor-widget elementor-widget-industrium_heading\" data-id=\"589bfa0\" data-element_type=\"widget\" data-widget_type=\"industrium_heading.default\">\n\t\t\t\t<div class=\"elementor-widget-container\">\n\t\t\t\t\t<div class=\"industrium-heading-widget\"><h2 class=\"industrium-heading\"><span class=\"industrium-heading-content\">Egli AG Process Technology<\/span><\/h2><\/div>\t\t\t\t<\/div>\n\t\t\t\t<\/div>\n\t\t\t\t<div class=\"elementor-element elementor-element-45b886e elementor-widget elementor-widget-text-editor\" data-id=\"45b886e\" data-element_type=\"widget\" data-widget_type=\"text-editor.default\">\n\t\t\t\t<div class=\"elementor-widget-container\">\n\t\t\t\t\t\t\t\t\t<p>Die Egli AG ist ein Familienunternehmen in 4. Generation mit Hauptsitz in B\u00fctschwil (SG). Die Firma besch\u00e4ftigt rund 80 Mitarbeiter in der Schweiz und liefert Produktionsanlagen in die ganze Welt.<\/p><p>EGLI ist der weltweite Spezialist und Technologiepartner f\u00fcr komplette Anlagen zur Butter- und Margarineherstellung. Unsere Kunden sind vorwiegend Industrieunternehmen in der Lebensmittelverarbeitung.<\/p>\t\t\t\t\t\t\t\t<\/div>\n\t\t\t\t<\/div>\n\t\t\t\t\t<\/div>\n\t\t<\/div>\n\t\t\t\t<div class=\"elementor-column elementor-col-50 elementor-inner-column elementor-element elementor-element-81be69d\" data-id=\"81be69d\" data-element_type=\"column\">\n\t\t\t<div class=\"elementor-widget-wrap elementor-element-populated\">\n\t\t\t\t\t\t<div class=\"elementor-element elementor-element-55ce332 elementor-widget elementor-widget-industrium_heading\" data-id=\"55ce332\" data-element_type=\"widget\" data-widget_type=\"industrium_heading.default\">\n\t\t\t\t<div class=\"elementor-widget-container\">\n\t\t\t\t\t<div class=\"industrium-heading-widget\"><h2 class=\"industrium-heading\"><span class=\"industrium-heading-content\">Das macht unsere Firmenkultur aus<\/span><\/h2><\/div>\t\t\t\t<\/div>\n\t\t\t\t<\/div>\n\t\t\t\t<div class=\"elementor-element elementor-element-c5e901b elementor-widget elementor-widget-text-editor\" data-id=\"c5e901b\" data-element_type=\"widget\" data-widget_type=\"text-editor.default\">\n\t\t\t\t<div class=\"elementor-widget-container\">\n\t\t\t\t\t\t\t\t\t<div class=\"entry\"><p>\u2714\ufe0f Famili\u00e4re und inspirierende Atmosph\u00e4re<\/p><div class=\"entry\"><p>\u2714\ufe0f Arbeiten im malerischen und gut erschlossenen Toggenburg<\/p><\/div><div class=\"entry\"><p>\u2714\ufe0f Abwechslungsreiche Arbeit und kreative F\u00f6rderung<\/p><\/div><div class=\"entry\"><p>\u2714\ufe0f Motivation und Freude an der t\u00e4glichen Zusammenarbeit<\/p><\/div><div class=\"entry\"><p>\u2714\ufe0f Du-Kultur<\/p><\/div><div class=\"entry\"><p>\u2714\ufe0f Flexible Arbeitszeiten \/ Jahresarbeitszeit<\/p><\/div><div class=\"entry\"><p>\u2714\ufe0f Vielseitige Aufgaben und kurze Entscheidungswege<\/p><\/div><div class=\"entry\"><p>\u2714\ufe0f Wir sind ein dynamisches und internationales Team<\/p><\/div><\/div>\t\t\t\t\t\t\t\t<\/div>\n\t\t\t\t<\/div>\n\t\t\t\t\t<\/div>\n\t\t<\/div>\n\t\t\t\t\t<\/div>\n\t\t<\/section>\n\t\t\t\t\t<\/div>\n\t\t<\/div>\n\t\t\t\t\t<\/div>\n\t\t<\/section>\n\t\t\t\t<section class=\"elementor-section elementor-top-section elementor-element elementor-element-68ef360 elementor-section-boxed elementor-section-height-default elementor-section-height-default\" data-id=\"68ef360\" data-element_type=\"section\">\n\t\t\t\t\t\t<div class=\"elementor-container elementor-column-gap-default\">\n\t\t\t\t\t<div class=\"elementor-column elementor-col-100 elementor-top-column elementor-element elementor-element-ccb4c4f\" data-id=\"ccb4c4f\" data-element_type=\"column\">\n\t\t\t<div class=\"elementor-widget-wrap elementor-element-populated\">\n\t\t\t\t\t\t<div class=\"elementor-element elementor-element-4d28a10 elementor-widget elementor-widget-heading\" data-id=\"4d28a10\" data-element_type=\"widget\" data-widget_type=\"heading.default\">\n\t\t\t\t<div class=\"elementor-widget-container\">\n\t\t\t\t\t<h2 class=\"elementor-heading-title elementor-size-default\">Ihre Karrierem\u00f6glichkeiten<\/h2>\t\t\t\t<\/div>\n\t\t\t\t<\/div>\n\t\t\t\t<div class=\"elementor-element elementor-element-fae9afe elementor-widget elementor-widget-industrium_heading\" data-id=\"fae9afe\" data-element_type=\"widget\" data-widget_type=\"industrium_heading.default\">\n\t\t\t\t<div class=\"elementor-widget-container\">\n\t\t\t\t\t<div class=\"industrium-heading-widget\"><h2 class=\"industrium-heading\"><span class=\"industrium-heading-content\">Technischer Projektleiter Maschinenbau 80-100% (m\/w)<\/span><\/h2><\/div>\t\t\t\t<\/div>\n\t\t\t\t<\/div>\n\t\t\t\t<div class=\"elementor-element elementor-element-85e4ff7 elementor-widget elementor-widget-text-editor\" data-id=\"85e4ff7\" data-element_type=\"widget\" data-widget_type=\"text-editor.default\">\n\t\t\t\t<div class=\"elementor-widget-container\">\n\t\t\t\t\t\t\t\t\t<p><strong>DEINE T\u00c4TIGKEITEN<\/strong><\/p><ul><li>Leitung und Steuerung von anspruchsvollen Anlagebau- und Maschinenbau-Projekten von der Planung \u00fcber Montage bis zur Inbetriebnahme im internationalen Umfeld<\/li><li>Verantwortlich f\u00fcr die Einhaltung der Projektziele, des Zeitplans, der Qualit\u00e4t und des Budgets<\/li><li>Hauptansprechperson f\u00fcr die Kunden in den zugeteilten Projekten<\/li><li>Produktionsbegleitung w\u00e4hrend gesamter Projektphase und Ansprechperson f\u00fcr alle internen Schnittstellen<\/li><li>Technische Abkl\u00e4rungen und Auslegung von Anlagen und Komponenten<\/li><li>Kundenbesuche f\u00fcr technische Abkl\u00e4rungen, Projekt\u00fcbergaben und -Abnahmen<\/li><li>Projektbezogene Materialdisposition und Abkl\u00e4rungen mit Lieferanten<\/li><li>Erstellung von technischen Dokumenten<\/li><li>Technische Verkaufsunterst\u00fctzung mit Erstellung von Fliess-Schemen und Layouts<\/li><\/ul>\t\t\t\t\t\t\t\t<\/div>\n\t\t\t\t<\/div>\n\t\t\t\t<div class=\"elementor-element elementor-element-a5bd82b elementor-widget elementor-widget-button\" data-id=\"a5bd82b\" data-element_type=\"widget\" data-widget_type=\"button.default\">\n\t\t\t\t<div class=\"elementor-widget-container\">\n\t\t\t\t\t\t\t\t\t<div class=\"elementor-button-wrapper\">\n\t\t\t\t\t<a class=\"elementor-button elementor-button-link elementor-size-sm\" href=\"\/wp-content\/uploads\/2025\/05\/Konstrukteur_in.pdf\" target=\"_blank\">\n\t\t\t\t\t\t<span class=\"elementor-button-content-wrapper\">\n\t\t\t\t\t\t\t\t\t<span class=\"elementor-button-text\">Dokumente herunterladen<\/span>\n\t\t\t\t\t<\/span>\n\t\t\t\t\t<\/a>\n\t\t\t\t<\/div>\n\t\t\t\t\t\t\t\t<\/div>\n\t\t\t\t<\/div>\n\t\t\t\t\t<\/div>\n\t\t<\/div>\n\t\t\t\t\t<\/div>\n\t\t<\/section>\n\t\t\t\t<section class=\"elementor-section elementor-top-section elementor-element elementor-element-d93d442 elementor-section-boxed elementor-section-height-default elementor-section-height-default\" data-id=\"d93d442\" data-element_type=\"section\">\n\t\t\t\t\t\t<div class=\"elementor-container elementor-column-gap-default\">\n\t\t\t\t\t<div class=\"elementor-column elementor-col-100 elementor-top-column elementor-element elementor-element-b923f47\" data-id=\"b923f47\" data-element_type=\"column\">\n\t\t\t<div class=\"elementor-widget-wrap elementor-element-populated\">\n\t\t\t\t\t\t<div class=\"elementor-element elementor-element-1a3caeb elementor-widget elementor-widget-industrium_heading\" data-id=\"1a3caeb\" data-element_type=\"widget\" data-widget_type=\"industrium_heading.default\">\n\t\t\t\t<div class=\"elementor-widget-container\">\n\t\t\t\t\t<div class=\"industrium-heading-widget\"><h2 class=\"industrium-heading\"><span class=\"industrium-heading-content\">Technischer Projektleiter Maschinenbau 80-100% (m\/w)<\/span><\/h2><\/div>\t\t\t\t<\/div>\n\t\t\t\t<\/div>\n\t\t\t\t<div class=\"elementor-element elementor-element-c4c3ac4 elementor-widget elementor-widget-text-editor\" data-id=\"c4c3ac4\" data-element_type=\"widget\" data-widget_type=\"text-editor.default\">\n\t\t\t\t<div class=\"elementor-widget-container\">\n\t\t\t\t\t\t\t\t\t<p><strong>DEINE T\u00c4TIGKEITEN<\/strong><\/p><ul><li>Selbst\u00e4ndige Bearbeitung von internen Projekte<\/li><li>Technische Abkl\u00e4rungen bei Inbetriebnahmen der Anlagen<\/li><li>Erstellen von Betriebsanleitungen und Packlisten<\/li><li>Mitarbeit bei den stetigen Optimierungen der Prozesslandschaft<\/li><li>Technische Verkaufsunterst\u00fctzung mit Erstellung von Fliess-Schemen und Layouts<\/li><li>Ausbildung der Lernenden Konstrukteure EFZ<\/li><\/ul>\t\t\t\t\t\t\t\t<\/div>\n\t\t\t\t<\/div>\n\t\t\t\t<div class=\"elementor-element elementor-element-ad2d3ce elementor-widget elementor-widget-button\" data-id=\"ad2d3ce\" data-element_type=\"widget\" data-widget_type=\"button.default\">\n\t\t\t\t<div class=\"elementor-widget-container\">\n\t\t\t\t\t\t\t\t\t<div class=\"elementor-button-wrapper\">\n\t\t\t\t\t<a class=\"elementor-button elementor-button-link elementor-size-sm\" href=\"\/wp-content\/uploads\/2025\/05\/Techn-Projektleiter-Junior-und-Senior.pdf\" target=\"_blank\">\n\t\t\t\t\t\t<span class=\"elementor-button-content-wrapper\">\n\t\t\t\t\t\t\t\t\t<span class=\"elementor-button-text\">Dokumente herunterladen<\/span>\n\t\t\t\t\t<\/span>\n\t\t\t\t\t<\/a>\n\t\t\t\t<\/div>\n\t\t\t\t\t\t\t\t<\/div>\n\t\t\t\t<\/div>\n\t\t\t\t\t<\/div>\n\t\t<\/div>\n\t\t\t\t\t<\/div>\n\t\t<\/section>\n\t\t\t\t<section class=\"elementor-section elementor-top-section elementor-element elementor-element-b3139cd elementor-section-boxed elementor-section-height-default elementor-section-height-default\" data-id=\"b3139cd\" data-element_type=\"section\">\n\t\t\t\t\t\t<div class=\"elementor-container elementor-column-gap-default\">\n\t\t\t\t\t<div class=\"elementor-column elementor-col-100 elementor-top-column elementor-element elementor-element-fb3f9a0\" data-id=\"fb3f9a0\" data-element_type=\"column\">\n\t\t\t<div class=\"elementor-widget-wrap elementor-element-populated\">\n\t\t\t\t\t\t<div class=\"elementor-element elementor-element-b2f5f1f elementor-widget elementor-widget-industrium_heading\" data-id=\"b2f5f1f\" data-element_type=\"widget\" data-widget_type=\"industrium_heading.default\">\n\t\t\t\t<div class=\"elementor-widget-container\">\n\t\t\t\t\t<div class=\"industrium-heading-widget\"><h2 class=\"industrium-heading\"><span class=\"industrium-heading-content\">Elektroinstallateur, Automatiker (m\/w)<\/span><\/h2><\/div>\t\t\t\t<\/div>\n\t\t\t\t<\/div>\n\t\t\t\t<div class=\"elementor-element elementor-element-34589ef elementor-widget elementor-widget-text-editor\" data-id=\"34589ef\" data-element_type=\"widget\" data-widget_type=\"text-editor.default\">\n\t\t\t\t<div class=\"elementor-widget-container\">\n\t\t\t\t\t\t\t\t\t<p><strong>Zu Ihren T\u00e4tigkeiten geh\u00f6ren:<\/strong>\u00a0<\/p><ul><li>Aufbau und Verdrahten von Anlagen nach Schema, St\u00fccklisten und Zeichnungen<\/li><li>Elektrische und pneumatische Installationen von Maschinen und Anlagen nach Schema,<br \/>St\u00fccklisten und Zeichnungen<\/li><li>Enge Zusammenarbeit mit dem Montage- und Elektro-Team<\/li><li>Internationale Reiset\u00e4tigkeit von ca. 10 &#8211; 20%<\/li><\/ul>\t\t\t\t\t\t\t\t<\/div>\n\t\t\t\t<\/div>\n\t\t\t\t<div class=\"elementor-element elementor-element-854d680 elementor-widget elementor-widget-button\" data-id=\"854d680\" data-element_type=\"widget\" data-widget_type=\"button.default\">\n\t\t\t\t<div class=\"elementor-widget-container\">\n\t\t\t\t\t\t\t\t\t<div class=\"elementor-button-wrapper\">\n\t\t\t\t\t<a class=\"elementor-button elementor-button-link elementor-size-sm\" href=\"\/wp-content\/uploads\/2025\/05\/Elektriker-100.pdf\" target=\"_blank\">\n\t\t\t\t\t\t<span class=\"elementor-button-content-wrapper\">\n\t\t\t\t\t\t\t\t\t<span class=\"elementor-button-text\">Dokumente herunterladen<\/span>\n\t\t\t\t\t<\/span>\n\t\t\t\t\t<\/a>\n\t\t\t\t<\/div>\n\t\t\t\t\t\t\t\t<\/div>\n\t\t\t\t<\/div>\n\t\t\t\t\t<\/div>\n\t\t<\/div>\n\t\t\t\t\t<\/div>\n\t\t<\/section>\n\t\t\t\t<section class=\"elementor-section elementor-top-section elementor-element elementor-element-8a8bc82 elementor-section-boxed elementor-section-height-default elementor-section-height-default\" data-id=\"8a8bc82\" data-element_type=\"section\">\n\t\t\t\t\t\t<div class=\"elementor-container elementor-column-gap-default\">\n\t\t\t\t\t<div class=\"elementor-column elementor-col-100 elementor-top-column elementor-element elementor-element-dcda715\" data-id=\"dcda715\" data-element_type=\"column\">\n\t\t\t<div class=\"elementor-widget-wrap elementor-element-populated\">\n\t\t\t\t\t\t<div class=\"elementor-element elementor-element-c8508ba elementor-widget elementor-widget-text-editor\" data-id=\"c8508ba\" data-element_type=\"widget\" data-widget_type=\"text-editor.default\">\n\t\t\t\t<div class=\"elementor-widget-container\">\n\t\t\t\t\t\t\t\t\t<section class=\"text-insertion\"><div class=\"container\"><div class=\"subcontainer\"><h5>Unsere Inserate auf\u00a0<a href=\"https:\/\/www.ostjob.ch\/job\/suche-egli-in-b%C3%BCtschwil-sg-9606-radius-5kmkann\" target=\"_blank\" rel=\"noopener\">www.ostjob.ch<\/a><\/h5><\/div><\/div><\/section>\t\t\t\t\t\t\t\t<\/div>\n\t\t\t\t<\/div>\n\t\t\t\t\t<\/div>\n\t\t<\/div>\n\t\t\t\t\t<\/div>\n\t\t<\/section>\n\t\t\t\t<\/div>\n\t\t","protected":false},"excerpt":{"rendered":"<p>Die Egli AG ist ein Familienunternehmen in 4. Generation mit Hauptsitz in B\u00fctschwil (SG). Die Firma besch\u00e4ftigt rund 80 Mitarbeiter in der Schweiz und liefert Produktionsanlagen in die ganze Welt. EGLI ist der weltweite Spezialist und Technologiepartner f\u00fcr komplette Anlagen zur&#8230;<\/p>\n","protected":false},"author":1,"featured_media":0,"parent":0,"menu_order":0,"comment_status":"closed","ping_status":"closed","template":"","meta":{"footnotes":""},"class_list":["post-16916","page","type-page","status-publish","hentry"],"yoast_head":"<!-- This site is optimized with the Yoast SEO plugin v26.8 - https:\/\/yoast.com\/product\/yoast-seo-wordpress\/ -->\n<title>Jobs -<\/title>\n<meta name=\"robots\" content=\"index, follow, max-snippet:-1, max-image-preview:large, max-video-preview:-1\" \/>\n<link rel=\"canonical\" href=\"https:\/\/egliag.com\/de\/jobs\/\" \/>\n<meta property=\"og:locale\" content=\"de_DE\" \/>\n<meta property=\"og:type\" content=\"article\" \/>\n<meta property=\"og:title\" content=\"Jobs -\" \/>\n<meta property=\"og:description\" content=\"Die Egli AG ist ein Familienunternehmen in 4. Generation mit Hauptsitz in B\u00fctschwil (SG). Die Firma besch\u00e4ftigt rund 80 Mitarbeiter in der Schweiz und liefert Produktionsanlagen in die ganze Welt. EGLI ist der weltweite Spezialist und Technologiepartner f\u00fcr komplette Anlagen zur...\" \/>\n<meta property=\"og:url\" content=\"https:\/\/egliag.com\/de\/jobs\/\" \/>\n<meta property=\"article:modified_time\" content=\"2026-01-20T12:10:11+00:00\" \/>\n<meta name=\"twitter:card\" content=\"summary_large_image\" \/>\n<meta name=\"twitter:label1\" content=\"Gesch\u00e4tzte Lesezeit\" \/>\n\t<meta name=\"twitter:data1\" content=\"4\u00a0Minuten\" \/>\n<script type=\"application\/ld+json\" class=\"yoast-schema-graph\">{\"@context\":\"https:\/\/schema.org\",\"@graph\":[{\"@type\":\"WebPage\",\"@id\":\"https:\/\/egliag.com\/de\/jobs\/\",\"url\":\"https:\/\/egliag.com\/de\/jobs\/\",\"name\":\"Jobs -\",\"isPartOf\":{\"@id\":\"https:\/\/egliag.com\/de\/#website\"},\"datePublished\":\"2025-05-22T11:23:57+00:00\",\"dateModified\":\"2026-01-20T12:10:11+00:00\",\"breadcrumb\":{\"@id\":\"https:\/\/egliag.com\/de\/jobs\/#breadcrumb\"},\"inLanguage\":\"de\",\"potentialAction\":[{\"@type\":\"ReadAction\",\"target\":[\"https:\/\/egliag.com\/de\/jobs\/\"]}]},{\"@type\":\"BreadcrumbList\",\"@id\":\"https:\/\/egliag.com\/de\/jobs\/#breadcrumb\",\"itemListElement\":[{\"@type\":\"ListItem\",\"position\":1,\"name\":\"Home\",\"item\":\"https:\/\/egliag.com\/de\/\"},{\"@type\":\"ListItem\",\"position\":2,\"name\":\"Jobs\"}]},{\"@type\":\"WebSite\",\"@id\":\"https:\/\/egliag.com\/de\/#website\",\"url\":\"https:\/\/egliag.com\/de\/\",\"name\":\"\",\"description\":\"\",\"potentialAction\":[{\"@type\":\"SearchAction\",\"target\":{\"@type\":\"EntryPoint\",\"urlTemplate\":\"https:\/\/egliag.com\/de\/?s={search_term_string}\"},\"query-input\":{\"@type\":\"PropertyValueSpecification\",\"valueRequired\":true,\"valueName\":\"search_term_string\"}}],\"inLanguage\":\"de\"}]}<\/script>\n<!-- \/ Yoast SEO plugin. -->","yoast_head_json":{"title":"Jobs -","robots":{"index":"index","follow":"follow","max-snippet":"max-snippet:-1","max-image-preview":"max-image-preview:large","max-video-preview":"max-video-preview:-1"},"canonical":"https:\/\/egliag.com\/de\/jobs\/","og_locale":"de_DE","og_type":"article","og_title":"Jobs -","og_description":"Die Egli AG ist ein Familienunternehmen in 4. Generation mit Hauptsitz in B\u00fctschwil (SG). Die Firma besch\u00e4ftigt rund 80 Mitarbeiter in der Schweiz und liefert Produktionsanlagen in die ganze Welt. EGLI ist der weltweite Spezialist und Technologiepartner f\u00fcr komplette Anlagen zur...","og_url":"https:\/\/egliag.com\/de\/jobs\/","article_modified_time":"2026-01-20T12:10:11+00:00","twitter_card":"summary_large_image","twitter_misc":{"Gesch\u00e4tzte Lesezeit":"4\u00a0Minuten"},"schema":{"@context":"https:\/\/schema.org","@graph":[{"@type":"WebPage","@id":"https:\/\/egliag.com\/de\/jobs\/","url":"https:\/\/egliag.com\/de\/jobs\/","name":"Jobs -","isPartOf":{"@id":"https:\/\/egliag.com\/de\/#website"},"datePublished":"2025-05-22T11:23:57+00:00","dateModified":"2026-01-20T12:10:11+00:00","breadcrumb":{"@id":"https:\/\/egliag.com\/de\/jobs\/#breadcrumb"},"inLanguage":"de","potentialAction":[{"@type":"ReadAction","target":["https:\/\/egliag.com\/de\/jobs\/"]}]},{"@type":"BreadcrumbList","@id":"https:\/\/egliag.com\/de\/jobs\/#breadcrumb","itemListElement":[{"@type":"ListItem","position":1,"name":"Home","item":"https:\/\/egliag.com\/de\/"},{"@type":"ListItem","position":2,"name":"Jobs"}]},{"@type":"WebSite","@id":"https:\/\/egliag.com\/de\/#website","url":"https:\/\/egliag.com\/de\/","name":"","description":"","potentialAction":[{"@type":"SearchAction","target":{"@type":"EntryPoint","urlTemplate":"https:\/\/egliag.com\/de\/?s={search_term_string}"},"query-input":{"@type":"PropertyValueSpecification","valueRequired":true,"valueName":"search_term_string"}}],"inLanguage":"de"}]}},"_links":{"self":[{"href":"https:\/\/egliag.com\/de\/wp-json\/wp\/v2\/pages\/16916","targetHints":{"allow":["GET"]}}],"collection":[{"href":"https:\/\/egliag.com\/de\/wp-json\/wp\/v2\/pages"}],"about":[{"href":"https:\/\/egliag.com\/de\/wp-json\/wp\/v2\/types\/page"}],"author":[{"embeddable":true,"href":"https:\/\/egliag.com\/de\/wp-json\/wp\/v2\/users\/1"}],"replies":[{"embeddable":true,"href":"https:\/\/egliag.com\/de\/wp-json\/wp\/v2\/comments?post=16916"}],"version-history":[{"count":22,"href":"https:\/\/egliag.com\/de\/wp-json\/wp\/v2\/pages\/16916\/revisions"}],"predecessor-version":[{"id":17802,"href":"https:\/\/egliag.com\/de\/wp-json\/wp\/v2\/pages\/16916\/revisions\/17802"}],"wp:attachment":[{"href":"https:\/\/egliag.com\/de\/wp-json\/wp\/v2\/media?parent=16916"}],"curies":[{"name":"wp","href":"https:\/\/api.w.org\/{rel}","templated":true}]}}